{"id":9681,"date":"2023-09-30T08:05:34","date_gmt":"2023-09-30T08:05:34","guid":{"rendered":"https:\/\/escoletakoala.es\/maternidad\/ajuda-al-son-infantil\/"},"modified":"2023-09-30T08:05:34","modified_gmt":"2023-09-30T08:05:34","slug":"ajuda-al-son-infantil","status":"publish","type":"tribe_events","link":"https:\/\/escoletakoala.es\/ca\/maternidad\/ajuda-al-son-infantil\/","title":{"rendered":"Ajuda al Son Infantil"},"content":{"rendered":"<p><img decoding=\"async\" class=\" wp-image-5282 alignright\" src=\"https:\/\/escoletakoala.es\/wp-content\/uploads\/2020\/12\/olga-sese.jpg\" alt=\"olga sese\" width=\"330\" height=\"226\" title=\"escoleta palma montessori\" srcset=\"https:\/\/escoletakoala.es\/wp-content\/uploads\/2020\/12\/olga-sese.jpg 451w, https:\/\/escoletakoala.es\/wp-content\/uploads\/2020\/12\/olga-sese-300x206.jpg 300w\" sizes=\"(max-width: 330px) 100vw, 330px\" \/>Aquesta xerrada est\u00e0 destinada sobretot a informar-ne. Olga explicar\u00e0 com \u00e9s el somni del nounat i com evoluciona, parlar\u00e0 dels horaris que haurien de tenir els vostres fills d&#8217;acord amb l&#8217; <strong>edat que tinguin, de rutines i d&#8217;alimentaci\u00f3 nocturna.<\/strong><\/p>\n<p>Us proporcionar\u00e0 eines per ajudar els vostres fills a agafar el son de forma independent ja que dormen durant tota la nit sense despertars nocturns sempre de la manera m\u00e9s respectuosa possible. Com que cada nen fam\u00edlia \u00e9s diferent i el que pot funcionar a una a l&#8217;altra no, es donaran consells a nivell general.<\/p>\n<h2><span style=\"color: #800080;\">El teu petit no dorm i ja no en pots m\u00e9s?<\/span><\/h2>\n<h3 class=\"uppercase\">Situaci\u00f3 com aquestes solen ser habituals:<\/h3>\n<ul>\n<li class=\"thin-font\">Al teu fill li costa molt quedar-se adormit.<\/li>\n<li>No dorm sense la teva ajuda.<\/li>\n<li>Es desperta diverses vegades a la nit.<\/li>\n<li>Est\u00e0 esgotat i de mal humor cap al final del dia.<\/li>\n<li>Es desperta ben aviat al mat\u00ed.<\/li>\n<\/ul>\n<h3 class=\"uppercase\">I la teva reacci\u00f3 natural davant aquests problemes \u00e9s:<\/h3>\n<ul>\n<li>Li d\u00f3nes menjar fins que s&#8217;adorm.<\/li>\n<li>Ho dorms als teus bra\u00e7os.<\/li>\n<li>Deixes que es quedi adormit a qualsevol lloc menys al bressol.<\/li>\n<li>El fiques al teu llit.<\/li>\n<\/ul>\n<h2 class=\"alt-font\"><span style=\"color: #800080;\">Puc ajudar-te que el teu fill\/a&#8230;<\/span><\/h2>\n<ul>\n<li>Dormi tota la nit sense despertars.<\/li>\n<li>Concilieu el somni sense la vostra ajuda.<\/li>\n<li>Dormiu al seu bressol o llit.<\/li>\n<li>Dormiu bones migdiades.<\/li>\n<\/ul>\n<h2><span style=\"color: #000000;\">Ponent: Olga Ses\u00e9, primera coach del somni infantil d&#8217;Espanya<\/span><\/h2>\n<p>Ens complau portar <a href=\"https:\/\/www.instagram.com\/babyrem_coach\/?hl=es\" target=\"_blank\" rel=\"noopener\">Olga Ses\u00e9<\/a> des de Barcelona, \u200b\u200bcertificada per &#8221; <a href=\"https:\/\/parentinghealthinstitute.com\/\" target=\"_blank\" rel=\"noopener\">The International Parenting and Health Institute (IPHI)<\/a> &#8220;, fundadora de <a href=\"https:\/\/www.babyremcoach.com\/\" target=\"_blank\" rel=\"noopener\">BabyREM<\/a> i despr\u00e9s d&#8217;haver ajudat que m\u00e9s de 500 fam\u00edlies no pateixin mesos o anys de privaci\u00f3 de son quan hi ha solucions suaus que funcionen!<\/p>\n","protected":false},"excerpt":{"rendered":"<p>Aquesta xerrada est\u00e0 destinada sobretot a informar-ne. Olga explicar\u00e0 com \u00e9s el somni del nounat i com evoluciona, parlar\u00e0 dels horaris que haurien de tenir els vostres fills d&#8217;acord amb [&hellip;]<\/p>\n","protected":false},"author":1,"featured_media":8078,"template":"","meta":{"_price":"","_stock":"","_tribe_ticket_header":"","_tribe_default_ticket_provider":"","_tribe_ticket_capacity":"0","_ticket_start_date":"","_ticket_end_date":"","_tribe_ticket_show_description":"","_tribe_ticket_show_not_going":false,"_tribe_ticket_use_global_stock":"","_tribe_ticket_global_stock_level":"","_global_stock_mode":"","_global_stock_cap":"","_tribe_rsvp_for_event":"","_tribe_ticket_going_count":"","_tribe_ticket_not_going_count":"","_tribe_tickets_list":"[]","_tribe_ticket_has_attendee_info_fields":false,"_tribe_events_status":"","_tribe_events_status_reason":"","footnotes":"","_tec_slr_enabled":"","_tec_slr_layout":""},"tags":[],"tribe_events_cat":[874,843,844],"class_list":["post-9681","tribe_events","type-tribe_events","status-publish","has-post-thumbnail","hentry","tribe_events_cat-_somni-infantil","tribe_events_cat-desenvolupament-0-3-anys","tribe_events_cat-post-part-i-crianca","cat__somni-infantil","cat_desenvolupament-0-3-anys","cat_post-part-i-crianca"],"ticketed":false,"_links":{"self":[{"href":"https:\/\/escoletakoala.es\/ca\/wp-json\/wp\/v2\/tribe_events\/9681","targetHints":{"allow":["GET"]}}],"collection":[{"href":"https:\/\/escoletakoala.es\/ca\/wp-json\/wp\/v2\/tribe_events"}],"about":[{"href":"https:\/\/escoletakoala.es\/ca\/wp-json\/wp\/v2\/types\/tribe_events"}],"author":[{"embeddable":true,"href":"https:\/\/escoletakoala.es\/ca\/wp-json\/wp\/v2\/users\/1"}],"version-history":[{"count":0,"href":"https:\/\/escoletakoala.es\/ca\/wp-json\/wp\/v2\/tribe_events\/9681\/revisions"}],"wp:featuredmedia":[{"embeddable":true,"href":"https:\/\/escoletakoala.es\/ca\/wp-json\/wp\/v2\/media\/8078"}],"wp:attachment":[{"href":"https:\/\/escoletakoala.es\/ca\/wp-json\/wp\/v2\/media?parent=9681"}],"wp:term":[{"taxonomy":"post_tag","embeddable":true,"href":"https:\/\/escoletakoala.es\/ca\/wp-json\/wp\/v2\/tags?post=9681"},{"taxonomy":"tribe_events_cat","embeddable":true,"href":"https:\/\/escoletakoala.es\/ca\/wp-json\/wp\/v2\/tribe_events_cat?post=9681"}],"curies":[{"name":"wp","href":"https:\/\/api.w.org\/{rel}","templated":true}]}}