{"id":9655,"date":"2023-09-30T08:05:14","date_gmt":"2023-09-30T08:05:14","guid":{"rendered":"https:\/\/escoletakoala.es\/maternidad\/salut-bucodental-infantil\/"},"modified":"2023-09-30T08:05:14","modified_gmt":"2023-09-30T08:05:14","slug":"salut-bucodental-infantil","status":"publish","type":"tribe_events","link":"https:\/\/escoletakoala.es\/ca\/maternidad\/salut-bucodental-infantil\/","title":{"rendered":"La import\u00e0ncia de la salut bucodental en els nens"},"content":{"rendered":"<p><img decoding=\"async\" class=\"wp-image-5195 size-medium alignright\" src=\"https:\/\/escoletakoala.es\/wp-content\/uploads\/2020\/12\/logo-297x300.png\" alt=\"escoleta palma mallorca koala\" width=\"297\" height=\"300\" title=\"escoleta palma montessori\" srcset=\"https:\/\/escoletakoala.es\/wp-content\/uploads\/2020\/12\/logo-297x300.png 297w, https:\/\/escoletakoala.es\/wp-content\/uploads\/2020\/12\/logo-1013x1024.png 1013w, https:\/\/escoletakoala.es\/wp-content\/uploads\/2020\/12\/logo-768x776.png 768w, https:\/\/escoletakoala.es\/wp-content\/uploads\/2020\/12\/logo-500x505.png 500w, https:\/\/escoletakoala.es\/wp-content\/uploads\/2020\/12\/logo-600x606.png 600w, https:\/\/escoletakoala.es\/wp-content\/uploads\/2020\/12\/logo-100x100.png 100w, https:\/\/escoletakoala.es\/wp-content\/uploads\/2020\/12\/logo.png 1134w\" sizes=\"(max-width: 297px) 100vw, 297px\" \/><\/p>\n<p class=\"p1\">El Dr. Andr\u00e9s, Director m\u00e8dic, odont\u00f2leg i propietari de la cl\u00ednica dental &#8220;DR. Ochogav\u00eda&#8221;, ens donar\u00e0 el coneixement i eines per introduir la neteja dental als m\u00e9s petits. A m\u00e9s, ens donar\u00e0 les pautes i respostes per a preguntes tan comunes de molts pares com:<\/p>\n<ul>\n<li class=\"p1\">Quan erupcionen les dents, i qu\u00e8 puc fer pel dolor?<\/li>\n<li>C\u00e0ries a les dents de llet<\/li>\n<li>Com afecta el xumet la dentadura i el tancament bucal?<\/li>\n<li>Neteja dental: des de quan i com!<\/li>\n<li>Visita a la cl\u00ednica dental<\/li>\n<\/ul>\n","protected":false},"excerpt":{"rendered":"<p>El Dr. Andr\u00e9s, Director m\u00e8dic, odont\u00f2leg i propietari de la cl\u00ednica dental &#8220;DR. Ochogav\u00eda&#8221;, ens donar\u00e0 el coneixement i eines per introduir la neteja dental als m\u00e9s petits. A m\u00e9s, [&hellip;]<\/p>\n","protected":false},"author":1,"featured_media":8150,"template":"","meta":{"_price":"","_stock":"","_tribe_ticket_header":"","_tribe_default_ticket_provider":"","_tribe_ticket_capacity":"0","_ticket_start_date":"","_ticket_end_date":"","_tribe_ticket_show_description":"","_tribe_ticket_show_not_going":false,"_tribe_ticket_use_global_stock":"","_tribe_ticket_global_stock_level":"","_global_stock_mode":"","_global_stock_cap":"","_tribe_rsvp_for_event":"","_tribe_ticket_going_count":"","_tribe_ticket_not_going_count":"","_tribe_tickets_list":"[]","_tribe_ticket_has_attendee_info_fields":false,"_tribe_events_status":"","_tribe_events_status_reason":"","footnotes":"","_tec_slr_enabled":"","_tec_slr_layout":""},"tags":[842],"tribe_events_cat":[845,843,844],"class_list":["post-9655","tribe_events","type-tribe_events","status-publish","has-post-thumbnail","hentry","tag-dentista-ca","tribe_events_cat-_dentista-ca","tribe_events_cat-desenvolupament-0-3-anys","tribe_events_cat-post-part-i-crianca","cat__dentista-ca","cat_desenvolupament-0-3-anys","cat_post-part-i-crianca"],"ticketed":false,"_links":{"self":[{"href":"https:\/\/escoletakoala.es\/ca\/wp-json\/wp\/v2\/tribe_events\/9655","targetHints":{"allow":["GET"]}}],"collection":[{"href":"https:\/\/escoletakoala.es\/ca\/wp-json\/wp\/v2\/tribe_events"}],"about":[{"href":"https:\/\/escoletakoala.es\/ca\/wp-json\/wp\/v2\/types\/tribe_events"}],"author":[{"embeddable":true,"href":"https:\/\/escoletakoala.es\/ca\/wp-json\/wp\/v2\/users\/1"}],"version-history":[{"count":0,"href":"https:\/\/escoletakoala.es\/ca\/wp-json\/wp\/v2\/tribe_events\/9655\/revisions"}],"wp:featuredmedia":[{"embeddable":true,"href":"https:\/\/escoletakoala.es\/ca\/wp-json\/wp\/v2\/media\/8150"}],"wp:attachment":[{"href":"https:\/\/escoletakoala.es\/ca\/wp-json\/wp\/v2\/media?parent=9655"}],"wp:term":[{"taxonomy":"post_tag","embeddable":true,"href":"https:\/\/escoletakoala.es\/ca\/wp-json\/wp\/v2\/tags?post=9655"},{"taxonomy":"tribe_events_cat","embeddable":true,"href":"https:\/\/escoletakoala.es\/ca\/wp-json\/wp\/v2\/tribe_events_cat?post=9655"}],"curies":[{"name":"wp","href":"https:\/\/api.w.org\/{rel}","templated":true}]}}